{"id":317,"date":"2012-04-19T16:19:39","date_gmt":"2012-04-19T14:19:39","guid":{"rendered":"http:\/\/wind-in-den-haaren.de\/?page_id=317"},"modified":"2018-07-19T12:31:37","modified_gmt":"2018-07-19T10:31:37","slug":"die-villa","status":"publish","type":"page","link":"http:\/\/wind-in-den-haaren.de\/?page_id=317","title":{"rendered":"Die Villa"},"content":{"rendered":"<p><strong>Die Villa<\/strong><\/p>\n<p>Die Villa ist in einer ruhigen Seitenstra\u00dfe im Stadtteil St. J\u00fcrgen nahe dem Stadtzentrum gelegen. Sie wurde 1910 im Stil der Gr\u00fcnderzeit erbaut. Im mehrgesch\u00f6ssigen Haus befinden sich insgesamt 4 Ferienwohnungen auf unterschiedlichen Etagen. Die Wohnungen wurden in den letzten 15 Jahren liebevoll saniert und ausgebaut. Die R\u00e4umlichkeiten zeichnen sich durch ihren Altbaucharme und ihre Einrichtung im leicht maritimen Stil aus. Der Garten hinter dem Haus steht zudem allen G\u00e4sten frei zur Verf\u00fcgung.<\/p>\n<p><a href=\"http:\/\/wind-in-den-haaren.de\/wp-content\/uploads\/2018\/07\/03_UPLOAD_DIE_VILLA_IMG_6792.jpg\"><img loading=\"lazy\" decoding=\"async\" class=\"aligncenter size-large wp-image-967\" src=\"http:\/\/wind-in-den-haaren.de\/wp-content\/uploads\/2018\/07\/03_UPLOAD_DIE_VILLA_IMG_6792-682x1024.jpg\" alt=\"\" width=\"590\" height=\"886\" srcset=\"http:\/\/wind-in-den-haaren.de\/wp-content\/uploads\/2018\/07\/03_UPLOAD_DIE_VILLA_IMG_6792-682x1024.jpg 682w, http:\/\/wind-in-den-haaren.de\/wp-content\/uploads\/2018\/07\/03_UPLOAD_DIE_VILLA_IMG_6792-200x300.jpg 200w, http:\/\/wind-in-den-haaren.de\/wp-content\/uploads\/2018\/07\/03_UPLOAD_DIE_VILLA_IMG_6792.jpg 737w\" sizes=\"auto, (max-width: 590px) 100vw, 590px\" \/><\/a><a href=\"http:\/\/wind-in-den-haaren.de\/wp-content\/uploads\/2018\/07\/01_UPLOAD_IMG_7333.jpg\"><img loading=\"lazy\" decoding=\"async\" class=\"aligncenter size-large wp-image-1050\" src=\"http:\/\/wind-in-den-haaren.de\/wp-content\/uploads\/2018\/07\/01_UPLOAD_IMG_7333-682x1024.jpg\" alt=\"\" width=\"590\" height=\"886\" srcset=\"http:\/\/wind-in-den-haaren.de\/wp-content\/uploads\/2018\/07\/01_UPLOAD_IMG_7333-682x1024.jpg 682w, http:\/\/wind-in-den-haaren.de\/wp-content\/uploads\/2018\/07\/01_UPLOAD_IMG_7333-200x300.jpg 200w, http:\/\/wind-in-den-haaren.de\/wp-content\/uploads\/2018\/07\/01_UPLOAD_IMG_7333.jpg 737w\" sizes=\"auto, (max-width: 590px) 100vw, 590px\" \/><\/a><a href=\"http:\/\/wind-in-den-haaren.de\/wp-content\/uploads\/2018\/07\/02_UPLOAD_IMG_7354.jpg\"><img loading=\"lazy\" decoding=\"async\" class=\"aligncenter size-large wp-image-1051\" src=\"http:\/\/wind-in-den-haaren.de\/wp-content\/uploads\/2018\/07\/02_UPLOAD_IMG_7354-1024x682.jpg\" alt=\"\" width=\"590\" height=\"393\" srcset=\"http:\/\/wind-in-den-haaren.de\/wp-content\/uploads\/2018\/07\/02_UPLOAD_IMG_7354-1024x682.jpg 1024w, http:\/\/wind-in-den-haaren.de\/wp-content\/uploads\/2018\/07\/02_UPLOAD_IMG_7354-300x200.jpg 300w, http:\/\/wind-in-den-haaren.de\/wp-content\/uploads\/2018\/07\/02_UPLOAD_IMG_7354-768x512.jpg 768w, http:\/\/wind-in-den-haaren.de\/wp-content\/uploads\/2018\/07\/02_UPLOAD_IMG_7354.jpg 1106w\" sizes=\"auto, (max-width: 590px) 100vw, 590px\" \/><\/a><\/p>\n<p><a href=\"http:\/\/wind-in-den-haaren.de\/wp-content\/uploads\/2018\/07\/01_UPLOAD_DIE_VILLA_IMG_6786.jpg\"><img loading=\"lazy\" decoding=\"async\" class=\"aligncenter size-large wp-image-968\" src=\"http:\/\/wind-in-den-haaren.de\/wp-content\/uploads\/2018\/07\/01_UPLOAD_DIE_VILLA_IMG_6786-1024x682.jpg\" alt=\"\" width=\"590\" height=\"393\" srcset=\"http:\/\/wind-in-den-haaren.de\/wp-content\/uploads\/2018\/07\/01_UPLOAD_DIE_VILLA_IMG_6786-1024x682.jpg 1024w, http:\/\/wind-in-den-haaren.de\/wp-content\/uploads\/2018\/07\/01_UPLOAD_DIE_VILLA_IMG_6786-300x200.jpg 300w, http:\/\/wind-in-den-haaren.de\/wp-content\/uploads\/2018\/07\/01_UPLOAD_DIE_VILLA_IMG_6786-768x512.jpg 768w, http:\/\/wind-in-den-haaren.de\/wp-content\/uploads\/2018\/07\/01_UPLOAD_DIE_VILLA_IMG_6786.jpg 1106w\" sizes=\"auto, (max-width: 590px) 100vw, 590px\" \/><\/a><\/p>\n","protected":false},"excerpt":{"rendered":"<p>Die Villa Die Villa ist in einer ruhigen Seitenstra\u00dfe im Stadtteil St. J\u00fcrgen nahe dem Stadtzentrum gelegen. Sie wurde 1910 im Stil der Gr\u00fcnderzeit erbaut. Im mehrgesch\u00f6ssigen Haus befinden sich insgesamt 4 Ferienwohnungen auf unterschiedlichen Etagen. Die Wohnungen wurden in den letzten 15 Jahren liebevoll saniert und ausgebaut. Die R\u00e4umlichkeiten zeichnen sich durch ihren Altbaucharme und ihre Einrichtung im leicht maritimen Stil aus. Der Garten hinter dem Haus steht zudem allen G\u00e4sten frei zur Verf\u00fcgung.<\/p>\n","protected":false},"author":2,"featured_media":0,"parent":87,"menu_order":0,"comment_status":"closed","ping_status":"closed","template":"","meta":{"footnotes":""},"class_list":["post-317","page","type-page","status-publish","hentry"],"_links":{"self":[{"href":"http:\/\/wind-in-den-haaren.de\/index.php?rest_route=\/wp\/v2\/pages\/317","targetHints":{"allow":["GET"]}}],"collection":[{"href":"http:\/\/wind-in-den-haaren.de\/index.php?rest_route=\/wp\/v2\/pages"}],"about":[{"href":"http:\/\/wind-in-den-haaren.de\/index.php?rest_route=\/wp\/v2\/types\/page"}],"author":[{"embeddable":true,"href":"http:\/\/wind-in-den-haaren.de\/index.php?rest_route=\/wp\/v2\/users\/2"}],"replies":[{"embeddable":true,"href":"http:\/\/wind-in-den-haaren.de\/index.php?rest_route=%2Fwp%2Fv2%2Fcomments&post=317"}],"version-history":[{"count":24,"href":"http:\/\/wind-in-den-haaren.de\/index.php?rest_route=\/wp\/v2\/pages\/317\/revisions"}],"predecessor-version":[{"id":1069,"href":"http:\/\/wind-in-den-haaren.de\/index.php?rest_route=\/wp\/v2\/pages\/317\/revisions\/1069"}],"up":[{"embeddable":true,"href":"http:\/\/wind-in-den-haaren.de\/index.php?rest_route=\/wp\/v2\/pages\/87"}],"wp:attachment":[{"href":"http:\/\/wind-in-den-haaren.de\/index.php?rest_route=%2Fwp%2Fv2%2Fmedia&parent=317"}],"curies":[{"name":"wp","href":"https:\/\/api.w.org\/{rel}","templated":true}]}}