{"id":777,"date":"2018-04-28T23:55:27","date_gmt":"2018-04-28T21:55:27","guid":{"rendered":"http:\/\/wind-in-den-haaren.de\/?page_id=777"},"modified":"2018-07-19T12:32:46","modified_gmt":"2018-07-19T10:32:46","slug":"anreise","status":"publish","type":"page","link":"http:\/\/wind-in-den-haaren.de\/?page_id=777","title":{"rendered":"Anreise"},"content":{"rendered":"<p>Ihre Anreise:<\/p>\n<ul>\n<li>ab 16 Uhr oder nach Absprache eventuell auch fr\u00fcher<\/li>\n<li>Schl\u00fcssel\u00fcbergabe vor Ort in der Humboldtstra\u00dfe<\/li>\n<\/ul>\n<p>Alle wichtigen Verkehrsverbindungen im \u00dcberblick:<\/p>\n<p><span style=\"color: #000000;\">Mit dem Auto:<\/span><\/p>\n<ul>\n<li><span style=\"color: #000000;\">Ausfahrt L\u00fcbeck-Genin: Baltische Allee, dann Geniner Stra\u00dfe, ca. 3 km<\/span><\/li>\n<li><span style=\"color: #000000;\">im Kreisverkehr 2. Ausfahrt <\/span><\/li>\n<li><span style=\"color: #000000;\">anschlie\u00dfend links in die Kronsforder Allee<\/span><\/li>\n<li><span style=\"color: #000000;\">2. Stra\u00dfe links (Uhlandstra\u00dfe), dann wieder die zweite links (Stresemannstra\u00dfe) <\/span><\/li>\n<li><span style=\"color: #000000;\">sofort wieder links in die Humboldtstra\u00dfe, Haus Nr.7 ist Ihr Ziel<br \/>\n<\/span><\/li>\n<\/ul>\n<p>Parken:<\/p>\n<ul>\n<li><span style=\"color: #000000;\">in der Humboldtstra\u00dfe: nur zu eingeschr\u00e4nkten Zeiten erlaubt<\/span><\/li>\n<li><span style=\"color: #000000;\"> freies Parken in der benachbarten Stresemannstra\u00dfe<br \/>\n<\/span><\/li>\n<li><span style=\"color: #000000;\">zum Ausladen: gerne auf unsere Einfahrt fahren <\/span><\/li>\n<\/ul>\n<p><span style=\"color: #000000;\">Mit Bus und Bahn:<\/span><\/p>\n<ul>\n<li><span style=\"color: #000000;\">vom ZOB: Buslinien 1, 6 oder 9 bis zur Haltestelle Stresemannstra\u00dfe oder<br \/>\nLinien 7 oder 16 bis zum Verwaltungszentrum M\u00fchlentor<\/span><\/li>\n<li><span style=\"color: #000000;\">von beiden Haltestellen nur wenige Minuten zur Humboldtstra\u00dfe<\/span><\/li>\n<\/ul>\n<p><a href=\"https:\/\/www.sv-luebeck.de\/de\/\">Hier der Link zum Nahverkehr L\u00fcbeck.<\/a><\/p>\n<pre><span style=\"color: #000000;\">Wenn Sie uns Ihre ungef\u00e4hre Ankunftszeit mitteilen, freuen wir uns.<\/span>\r\n<span style=\"color: #000000;\">Wir nehmen Sie dann bei Ihrer Ankunft pers\u00f6nlich in Empfang. \r\nSollten wir verhindert sein, organisieren wir Ihren Einzug.\r\nIn Ihrer Ferienwohnung finden Sie zudem alle Informationen rund\r\num das Haus in einer G\u00e4stemappe.\r\n<\/span><\/pre>\n<p><span style=\"color: #000000;\">Wir w\u00fcnschen Ihnen eine stressfreie Anreise und freuen uns auf Sie!<\/span><\/p>\n<p><a href=\"http:\/\/wind-in-den-haaren.de\/wp-content\/uploads\/2018\/07\/01_UPLOAD_IMG_7375.jpg\"><img loading=\"lazy\" decoding=\"async\" class=\"aligncenter size-large wp-image-1061\" src=\"http:\/\/wind-in-den-haaren.de\/wp-content\/uploads\/2018\/07\/01_UPLOAD_IMG_7375-1024x682.jpg\" alt=\"\" width=\"590\" height=\"393\" srcset=\"http:\/\/wind-in-den-haaren.de\/wp-content\/uploads\/2018\/07\/01_UPLOAD_IMG_7375-1024x682.jpg 1024w, http:\/\/wind-in-den-haaren.de\/wp-content\/uploads\/2018\/07\/01_UPLOAD_IMG_7375-300x200.jpg 300w, http:\/\/wind-in-den-haaren.de\/wp-content\/uploads\/2018\/07\/01_UPLOAD_IMG_7375-768x512.jpg 768w, http:\/\/wind-in-den-haaren.de\/wp-content\/uploads\/2018\/07\/01_UPLOAD_IMG_7375.jpg 1106w\" sizes=\"auto, (max-width: 590px) 100vw, 590px\" \/><\/a><\/p>\n","protected":false},"excerpt":{"rendered":"<p>Ihre Anreise: ab 16 Uhr oder nach Absprache eventuell auch fr\u00fcher Schl\u00fcssel\u00fcbergabe vor Ort in der Humboldtstra\u00dfe Alle wichtigen Verkehrsverbindungen im \u00dcberblick: Mit dem Auto: Ausfahrt L\u00fcbeck-Genin: Baltische Allee, dann Geniner Stra\u00dfe, ca. 3 km im Kreisverkehr 2. Ausfahrt anschlie\u00dfend links in die Kronsforder Allee 2. Stra\u00dfe links (Uhlandstra\u00dfe), dann wieder die zweite links (Stresemannstra\u00dfe) sofort wieder links in die Humboldtstra\u00dfe, Haus Nr.7 ist Ihr Ziel Parken: in der Humboldtstra\u00dfe: nur zu eingeschr\u00e4nkten Zeiten erlaubt freies Parken in der benachbarten [&hellip;]<\/p>\n","protected":false},"author":2,"featured_media":0,"parent":87,"menu_order":6,"comment_status":"closed","ping_status":"closed","template":"","meta":{"footnotes":""},"class_list":["post-777","page","type-page","status-publish","hentry"],"_links":{"self":[{"href":"http:\/\/wind-in-den-haaren.de\/index.php?rest_route=\/wp\/v2\/pages\/777","targetHints":{"allow":["GET"]}}],"collection":[{"href":"http:\/\/wind-in-den-haaren.de\/index.php?rest_route=\/wp\/v2\/pages"}],"about":[{"href":"http:\/\/wind-in-den-haaren.de\/index.php?rest_route=\/wp\/v2\/types\/page"}],"author":[{"embeddable":true,"href":"http:\/\/wind-in-den-haaren.de\/index.php?rest_route=\/wp\/v2\/users\/2"}],"replies":[{"embeddable":true,"href":"http:\/\/wind-in-den-haaren.de\/index.php?rest_route=%2Fwp%2Fv2%2Fcomments&post=777"}],"version-history":[{"count":10,"href":"http:\/\/wind-in-den-haaren.de\/index.php?rest_route=\/wp\/v2\/pages\/777\/revisions"}],"predecessor-version":[{"id":1070,"href":"http:\/\/wind-in-den-haaren.de\/index.php?rest_route=\/wp\/v2\/pages\/777\/revisions\/1070"}],"up":[{"embeddable":true,"href":"http:\/\/wind-in-den-haaren.de\/index.php?rest_route=\/wp\/v2\/pages\/87"}],"wp:attachment":[{"href":"http:\/\/wind-in-den-haaren.de\/index.php?rest_route=%2Fwp%2Fv2%2Fmedia&parent=777"}],"curies":[{"name":"wp","href":"https:\/\/api.w.org\/{rel}","templated":true}]}}